{"id":214,"date":"2020-04-13T11:18:52","date_gmt":"2020-04-13T11:18:52","guid":{"rendered":"https:\/\/educativa21.com\/about\/"},"modified":"2023-11-14T18:11:11","modified_gmt":"2023-11-14T18:11:11","slug":"nosotros","status":"publish","type":"page","link":"https:\/\/educativa21.com\/esteticaydiseno\/nosotros\/","title":{"rendered":"Nosotros"},"content":{"rendered":"\t\t<div data-elementor-type=\"wp-page\" data-elementor-id=\"214\" class=\"elementor elementor-214\" data-elementor-post-type=\"page\">\n\t\t\t\t\t\t<section class=\"elementor-section elementor-top-section elementor-element elementor-element-5131a13e elementor-section-boxed elementor-section-height-default elementor-section-height-default\" data-id=\"5131a13e\" data-element_type=\"section\" data-e-type=\"section\" data-settings=\"{&quot;background_background&quot;:&quot;classic&quot;}\">\n\t\t\t\t\t\t\t<div class=\"elementor-background-overlay\"><\/div>\n\t\t\t\t\t\t\t<div class=\"elementor-container elementor-column-gap-default\">\n\t\t\t\t\t<div class=\"elementor-column elementor-col-100 elementor-top-column elementor-element elementor-element-1053ca7a\" data-id=\"1053ca7a\" data-element_type=\"column\" data-e-type=\"column\">\n\t\t\t<div class=\"elementor-widget-wrap elementor-element-populated\">\n\t\t\t\t\t\t<div class=\"elementor-element elementor-element-3d99e122 elementor-widget elementor-widget-heading\" data-id=\"3d99e122\" data-element_type=\"widget\" data-e-type=\"widget\" data-widget_type=\"heading.default\">\n\t\t\t\t<div class=\"elementor-widget-container\">\n\t\t\t\t\t<h1 class=\"elementor-heading-title elementor-size-default\">Nosotros<\/h1>\t\t\t\t<\/div>\n\t\t\t\t<\/div>\n\t\t\t\t\t<\/div>\n\t\t<\/div>\n\t\t\t\t\t<\/div>\n\t\t<\/section>\n\t\t\t\t<section class=\"elementor-section elementor-top-section elementor-element elementor-element-40177ae0 elementor-section-boxed elementor-section-height-default elementor-section-height-default\" data-id=\"40177ae0\" data-element_type=\"section\" data-e-type=\"section\">\n\t\t\t\t\t\t<div class=\"elementor-container elementor-column-gap-no\">\n\t\t\t\t\t<div class=\"elementor-column elementor-col-50 elementor-top-column elementor-element elementor-element-2828f573\" data-id=\"2828f573\" data-element_type=\"column\" data-e-type=\"column\">\n\t\t\t<div class=\"elementor-widget-wrap elementor-element-populated\">\n\t\t\t\t\t\t<div class=\"elementor-element elementor-element-68afc23b elementor-widget elementor-widget-heading\" data-id=\"68afc23b\" data-element_type=\"widget\" data-e-type=\"widget\" data-widget_type=\"heading.default\">\n\t\t\t\t<div class=\"elementor-widget-container\">\n\t\t\t\t\t<h2 class=\"elementor-heading-title elementor-size-default\">Establecidos en 2008<\/h2>\t\t\t\t<\/div>\n\t\t\t\t<\/div>\n\t\t\t\t\t<\/div>\n\t\t<\/div>\n\t\t\t\t<div class=\"elementor-column elementor-col-50 elementor-top-column elementor-element elementor-element-48096891\" data-id=\"48096891\" data-element_type=\"column\" data-e-type=\"column\">\n\t\t\t<div class=\"elementor-widget-wrap elementor-element-populated\">\n\t\t\t\t\t\t<div class=\"elementor-element elementor-element-44ce5982 elementor-widget elementor-widget-text-editor\" data-id=\"44ce5982\" data-element_type=\"widget\" data-e-type=\"widget\" data-widget_type=\"text-editor.default\">\n\t\t\t\t<div class=\"elementor-widget-container\">\n\t\t\t\t\t\t\t\t\t<p>Fundada en la ciudad de Corrietnes<\/p>\t\t\t\t\t\t\t\t<\/div>\n\t\t\t\t<\/div>\n\t\t\t\t<div class=\"elementor-element elementor-element-e56ab06 elementor-widget elementor-widget-text-editor\" data-id=\"e56ab06\" data-element_type=\"widget\" data-e-type=\"widget\" data-widget_type=\"text-editor.default\">\n\t\t\t\t<div class=\"elementor-widget-container\">\n\t\t\t\t\t\t\t\t\t<p>El Instituto EST\u00c9TICA&amp;DISE\u00d1O es una instituci\u00f3n dedicada a Artes y Oficios, fundada en el a\u00f1o 2008.<br \/>Tenemos como objetivo brindar una formaci\u00f3n a nuestros alumnos que responde a las necesidades del mercado para que puedan obtener una inserci\u00f3n laboral de calidad, que los incluya y contribuya a mejorar su calidad de vida.<br \/>De all\u00ed, que nuestra oferta educativa se actualiza permanentemente, de acuerdo a las demandas laborales y educativas que visualizamos en la provincia, dictados por profesionales ampliamente capacitados y con una gran experiencia en el rubro.<br \/>Como instituci\u00f3n educativa apostamos a la educaci\u00f3n como eje de crecimiento de la sociedad, es por ello que contribuye de manera efectiva como generadora de cambios y transformaciones<br \/>sociales, culturales, educativas, laborales. Fue creada con el objetivo de capacitar a una franja de poblaci\u00f3n que no cuenta con otras ofertas similares y tienen deseo en formarse en el \u00e1rea<br \/>de la est\u00e9tica, moda y dise\u00f1o.<\/p>\t\t\t\t\t\t\t\t<\/div>\n\t\t\t\t<\/div>\n\t\t\t\t<div class=\"elementor-element elementor-element-4ec76f84 elementor-widget elementor-widget-heading\" data-id=\"4ec76f84\" data-element_type=\"widget\" data-e-type=\"widget\" data-widget_type=\"heading.default\">\n\t\t\t\t<div class=\"elementor-widget-container\">\n\t\t\t\t\t<h3 class=\"elementor-heading-title elementor-size-medium\">Marile Buzzi Riera  &amp; Silvio Oscar Flores - Directores<\/h3>\t\t\t\t<\/div>\n\t\t\t\t<\/div>\n\t\t\t\t\t<\/div>\n\t\t<\/div>\n\t\t\t\t\t<\/div>\n\t\t<\/section>\n\t\t\t\t<section class=\"elementor-section elementor-top-section elementor-element elementor-element-84csz85 elementor-section-content-middle elementor-section-boxed elementor-section-height-default elementor-section-height-default\" data-id=\"84csz85\" data-element_type=\"section\" data-e-type=\"section\" data-settings=\"{&quot;background_background&quot;:&quot;classic&quot;}\">\n\t\t\t\t\t\t<div class=\"elementor-container elementor-column-gap-default\">\n\t\t\t\t\t<div class=\"elementor-column elementor-col-50 elementor-top-column elementor-element elementor-element-0b48ca8\" data-id=\"0b48ca8\" data-element_type=\"column\" data-e-type=\"column\" data-settings=\"{&quot;background_background&quot;:&quot;classic&quot;}\">\n\t\t\t<div class=\"elementor-widget-wrap elementor-element-populated\">\n\t\t\t\t\t<div class=\"elementor-background-overlay\"><\/div>\n\t\t\t\t\t\t<div class=\"elementor-element elementor-element-12dbef3 elementor-widget elementor-widget-spacer\" data-id=\"12dbef3\" data-element_type=\"widget\" data-e-type=\"widget\" data-widget_type=\"spacer.default\">\n\t\t\t\t<div class=\"elementor-widget-container\">\n\t\t\t\t\t\t\t<div class=\"elementor-spacer\">\n\t\t\t<div class=\"elementor-spacer-inner\"><\/div>\n\t\t<\/div>\n\t\t\t\t\t\t<\/div>\n\t\t\t\t<\/div>\n\t\t\t\t\t<\/div>\n\t\t<\/div>\n\t\t\t\t<div class=\"elementor-column elementor-col-50 elementor-top-column elementor-element elementor-element-0d46ec2\" data-id=\"0d46ec2\" data-element_type=\"column\" data-e-type=\"column\">\n\t\t\t<div class=\"elementor-widget-wrap elementor-element-populated\">\n\t\t\t\t\t\t<section class=\"elementor-section elementor-inner-section elementor-element elementor-element-afdaa76 elementor-section-boxed elementor-section-height-default elementor-section-height-default\" data-id=\"afdaa76\" data-element_type=\"section\" data-e-type=\"section\">\n\t\t\t\t\t\t<div class=\"elementor-container elementor-column-gap-default\">\n\t\t\t\t\t<div class=\"elementor-column elementor-col-33 elementor-inner-column elementor-element elementor-element-2dd22b1\" data-id=\"2dd22b1\" data-element_type=\"column\" data-e-type=\"column\">\n\t\t\t<div class=\"elementor-widget-wrap elementor-element-populated\">\n\t\t\t\t\t\t<div class=\"elementor-element elementor-element-ec620ed elementor-view-default elementor-widget elementor-widget-icon\" data-id=\"ec620ed\" data-element_type=\"widget\" data-e-type=\"widget\" data-widget_type=\"icon.default\">\n\t\t\t\t<div class=\"elementor-widget-container\">\n\t\t\t\t\t\t\t<div class=\"elementor-icon-wrapper\">\n\t\t\t<div class=\"elementor-icon\">\n\t\t\t<i aria-hidden=\"true\" class=\"fas fa-rocket\"><\/i>\t\t\t<\/div>\n\t\t<\/div>\n\t\t\t\t\t\t<\/div>\n\t\t\t\t<\/div>\n\t\t\t\t\t<\/div>\n\t\t<\/div>\n\t\t\t\t<div class=\"elementor-column elementor-col-66 elementor-inner-column elementor-element elementor-element-dd71fe3\" data-id=\"dd71fe3\" data-element_type=\"column\" data-e-type=\"column\">\n\t\t\t<div class=\"elementor-widget-wrap elementor-element-populated\">\n\t\t\t\t\t\t<div class=\"elementor-element elementor-element-da32f9d elementor-vertical-align-middle elementor-widget elementor-widget-image-box\" data-id=\"da32f9d\" data-element_type=\"widget\" data-e-type=\"widget\" data-widget_type=\"image-box.default\">\n\t\t\t\t<div class=\"elementor-widget-container\">\n\t\t\t\t\t<div class=\"elementor-image-box-wrapper\"><div class=\"elementor-image-box-content\"><h4 class=\"elementor-image-box-title\">Misi\u00f3n<\/h4><p class=\"elementor-image-box-description\">Propiciar un ambiente innovador  y colaborativo de excelencia y compromiso con la ense\u00f1anza-aprendizaje, la investigaci\u00f3n, la labor creativa y el servicio para transformar el acceso y la gesti\u00f3n de la informaci\u00f3n en la sociedad.\nFormar profesionales y l\u00edderes del campo con perspectiva \u00e9tica, multidisciplinaria, multicultural y global.<\/p><\/div><\/div>\t\t\t\t<\/div>\n\t\t\t\t<\/div>\n\t\t\t\t\t<\/div>\n\t\t<\/div>\n\t\t\t\t\t<\/div>\n\t\t<\/section>\n\t\t\t\t<section class=\"elementor-section elementor-inner-section elementor-element elementor-element-f51c2fe elementor-section-boxed elementor-section-height-default elementor-section-height-default\" data-id=\"f51c2fe\" data-element_type=\"section\" data-e-type=\"section\">\n\t\t\t\t\t\t<div class=\"elementor-container elementor-column-gap-default\">\n\t\t\t\t\t<div class=\"elementor-column elementor-col-33 elementor-inner-column elementor-element elementor-element-0e98184\" data-id=\"0e98184\" data-element_type=\"column\" data-e-type=\"column\">\n\t\t\t<div class=\"elementor-widget-wrap elementor-element-populated\">\n\t\t\t\t\t\t<div class=\"elementor-element elementor-element-a56322b elementor-view-default elementor-widget elementor-widget-icon\" data-id=\"a56322b\" data-element_type=\"widget\" data-e-type=\"widget\" data-widget_type=\"icon.default\">\n\t\t\t\t<div class=\"elementor-widget-container\">\n\t\t\t\t\t\t\t<div class=\"elementor-icon-wrapper\">\n\t\t\t<div class=\"elementor-icon\">\n\t\t\t<i aria-hidden=\"true\" class=\"far fa-eye\"><\/i>\t\t\t<\/div>\n\t\t<\/div>\n\t\t\t\t\t\t<\/div>\n\t\t\t\t<\/div>\n\t\t\t\t\t<\/div>\n\t\t<\/div>\n\t\t\t\t<div class=\"elementor-column elementor-col-66 elementor-inner-column elementor-element elementor-element-dc9270e\" data-id=\"dc9270e\" data-element_type=\"column\" data-e-type=\"column\">\n\t\t\t<div class=\"elementor-widget-wrap elementor-element-populated\">\n\t\t\t\t\t\t<div class=\"elementor-element elementor-element-273c70b elementor-vertical-align-middle elementor-widget elementor-widget-image-box\" data-id=\"273c70b\" data-element_type=\"widget\" data-e-type=\"widget\" data-widget_type=\"image-box.default\">\n\t\t\t\t<div class=\"elementor-widget-container\">\n\t\t\t\t\t<div class=\"elementor-image-box-wrapper\"><div class=\"elementor-image-box-content\"><h4 class=\"elementor-image-box-title\">Visi\u00f3n<\/h4><p class=\"elementor-image-box-description\">Promover un medio de estudio alternativo a la Educaci\u00f3n Terciaria, a corto plazo con r\u00e1pida salida laboral para suplir las necesidades de oferta y demanda en el ambito de oficios.<\/p><\/div><\/div>\t\t\t\t<\/div>\n\t\t\t\t<\/div>\n\t\t\t\t\t<\/div>\n\t\t<\/div>\n\t\t\t\t\t<\/div>\n\t\t<\/section>\n\t\t\t\t<section class=\"elementor-section elementor-inner-section elementor-element elementor-element-7355911 elementor-section-boxed elementor-section-height-default elementor-section-height-default\" data-id=\"7355911\" data-element_type=\"section\" data-e-type=\"section\">\n\t\t\t\t\t\t<div class=\"elementor-container elementor-column-gap-default\">\n\t\t\t\t\t<div class=\"elementor-column elementor-col-33 elementor-inner-column elementor-element elementor-element-525dea0\" data-id=\"525dea0\" data-element_type=\"column\" data-e-type=\"column\">\n\t\t\t<div class=\"elementor-widget-wrap elementor-element-populated\">\n\t\t\t\t\t\t<div class=\"elementor-element elementor-element-d6da95c elementor-view-default elementor-widget elementor-widget-icon\" data-id=\"d6da95c\" data-element_type=\"widget\" data-e-type=\"widget\" data-widget_type=\"icon.default\">\n\t\t\t\t<div class=\"elementor-widget-container\">\n\t\t\t\t\t\t\t<div class=\"elementor-icon-wrapper\">\n\t\t\t<div class=\"elementor-icon\">\n\t\t\t<i aria-hidden=\"true\" class=\"fas fa-star\"><\/i>\t\t\t<\/div>\n\t\t<\/div>\n\t\t\t\t\t\t<\/div>\n\t\t\t\t<\/div>\n\t\t\t\t\t<\/div>\n\t\t<\/div>\n\t\t\t\t<div class=\"elementor-column elementor-col-66 elementor-inner-column elementor-element elementor-element-facfa98\" data-id=\"facfa98\" data-element_type=\"column\" data-e-type=\"column\">\n\t\t\t<div class=\"elementor-widget-wrap elementor-element-populated\">\n\t\t\t\t\t\t<div class=\"elementor-element elementor-element-68c1d3f elementor-vertical-align-middle elementor-widget elementor-widget-image-box\" data-id=\"68c1d3f\" data-element_type=\"widget\" data-e-type=\"widget\" data-widget_type=\"image-box.default\">\n\t\t\t\t<div class=\"elementor-widget-container\">\n\t\t\t\t\t<div class=\"elementor-image-box-wrapper\"><div class=\"elementor-image-box-content\"><h4 class=\"elementor-image-box-title\">Objetivos<\/h4><p class=\"elementor-image-box-description\">Tenemos como objetivo  el desarrollo de las capacidades que permiten   desempe\u00f1arse   competentemente   en   el   \u00e1mbito . Pretendemos que los\/las alumnos  puedan   realizar   emprendimientos   personales,   consideren   la   inclusi\u00f3n   de   procesos   de innovaci\u00f3n y mejora continua en su actividad, y se desarrollen como ciudadanos\/as y como personas. Los  cursos   prestan  servicios  a  la  comunidad   brindando   al   p\u00fablico   medio  y popular   capacitaci\u00f3n   espec\u00edfica,   t\u00e9cnica   y   pr\u00e1ctica,   para   el  desempe\u00f1o   de   los   distintos oficios, con el nivel de preparaci\u00f3n que en la actualidad se requiere. Resulta  fundamental  el  reconocimiento  de  la  importancia  y responsabilidad  social  que  los egresados   de   los   cursos   asumen   con  relaci\u00f3n   a   la   inserci\u00f3n   laboral  en   las  actividades pertenecientes al \u00e1rea.<\/p><\/div><\/div>\t\t\t\t<\/div>\n\t\t\t\t<\/div>\n\t\t\t\t\t<\/div>\n\t\t<\/div>\n\t\t\t\t\t<\/div>\n\t\t<\/section>\n\t\t\t\t\t<\/div>\n\t\t<\/div>\n\t\t\t\t\t<\/div>\n\t\t<\/section>\n\t\t\t\t<\/div>\n\t\t","protected":false},"excerpt":{"rendered":"<p>Nosotros Establecidos en 2008 Fundada en la ciudad de Corrietnes El Instituto EST\u00c9TICA&amp;DISE\u00d1O es una instituci\u00f3n dedicada a Artes y Oficios, fundada en el a\u00f1o 2008.Tenemos como objetivo brindar una formaci\u00f3n a nuestros alumnos que responde a las necesidades del mercado para que puedan obtener una inserci\u00f3n laboral de calidad, que los incluya y contribuya &hellip;<\/p>\n<p class=\"read-more\"> <a class=\"\" href=\"https:\/\/educativa21.com\/esteticaydiseno\/nosotros\/\"> <span class=\"screen-reader-text\">Nosotros<\/span> Leer m\u00e1s &raquo;<\/a><\/p>\n","protected":false},"author":1,"featured_media":0,"parent":0,"menu_order":0,"comment_status":"closed","ping_status":"open","template":"","meta":{"site-sidebar-layout":"no-sidebar","site-content-layout":"page-builder","ast-global-header-display":"","ast-banner-title-visibility":"","ast-main-header-display":"","ast-hfb-above-header-display":"","ast-hfb-below-header-display":"","ast-hfb-mobile-header-display":"","site-post-title":"disabled","ast-breadcrumbs-content":"","ast-featured-img":"","footer-sml-layout":"","theme-transparent-header-meta":"enabled","adv-header-id-meta":"","stick-header-meta":"","header-above-stick-meta":"","header-main-stick-meta":"","header-below-stick-meta":"","footnotes":""},"class_list":["post-214","page","type-page","status-publish","hentry"],"yoast_head":"<!-- This site is optimized with the Yoast SEO plugin v25.6 - https:\/\/yoast.com\/wordpress\/plugins\/seo\/ -->\n<title>Nosotros | estetica y dise\u00f1o<\/title>\n<meta name=\"description\" content=\"Toda la info sobre Nosotros\" \/>\n<meta name=\"robots\" content=\"index, follow, max-snippet:-1, max-image-preview:large, max-video-preview:-1\" \/>\n<link rel=\"canonical\" href=\"https:\/\/educativa21.com\/esteticaydiseno\/nosotros\/\" \/>\n<meta property=\"og:locale\" content=\"es_ES\" \/>\n<meta property=\"og:type\" content=\"article\" \/>\n<meta property=\"og:title\" content=\"Nosotros | estetica y dise\u00f1o\" \/>\n<meta property=\"og:description\" content=\"Toda la info sobre Nosotros\" \/>\n<meta property=\"og:url\" content=\"https:\/\/educativa21.com\/esteticaydiseno\/nosotros\/\" \/>\n<meta property=\"og:site_name\" content=\"Est\u00e8tica &amp; Dise\u00f1o\" \/>\n<meta property=\"article:publisher\" content=\"https:\/\/www.facebook.com\/EsteticayDiseno\/\" \/>\n<meta property=\"article:modified_time\" content=\"2023-11-14T18:11:11+00:00\" \/>\n<meta property=\"og:image\" content=\"https:\/\/educativa21.com\/wp-content\/uploads\/2024\/10\/ef.png\" \/>\n\t<meta property=\"og:image:width\" content=\"1149\" \/>\n\t<meta property=\"og:image:height\" content=\"1080\" \/>\n\t<meta property=\"og:image:type\" content=\"image\/png\" \/>\n<meta name=\"twitter:card\" content=\"summary_large_image\" \/>\n<meta name=\"twitter:label1\" content=\"Tiempo de lectura\" \/>\n\t<meta name=\"twitter:data1\" content=\"1 minuto\" \/>\n<script type=\"application\/ld+json\" class=\"yoast-schema-graph\">{\"@context\":\"https:\/\/schema.org\",\"@graph\":[{\"@type\":\"WebPage\",\"@id\":\"https:\/\/educativa21.com\/esteticaydiseno\/nosotros\/\",\"url\":\"https:\/\/educativa21.com\/esteticaydiseno\/nosotros\/\",\"name\":\"Nosotros | estetica y dise\u00f1o\",\"isPartOf\":{\"@id\":\"https:\/\/educativa21.com\/esteticaydiseno\/#website\"},\"datePublished\":\"2020-04-13T11:18:52+00:00\",\"dateModified\":\"2023-11-14T18:11:11+00:00\",\"description\":\"Toda la info sobre Nosotros\",\"breadcrumb\":{\"@id\":\"https:\/\/educativa21.com\/esteticaydiseno\/nosotros\/#breadcrumb\"},\"inLanguage\":\"es\",\"potentialAction\":[{\"@type\":\"ReadAction\",\"target\":[\"https:\/\/educativa21.com\/esteticaydiseno\/nosotros\/\"]}]},{\"@type\":\"BreadcrumbList\",\"@id\":\"https:\/\/educativa21.com\/esteticaydiseno\/nosotros\/#breadcrumb\",\"itemListElement\":[{\"@type\":\"ListItem\",\"position\":1,\"name\":\"Portada\",\"item\":\"https:\/\/educativa21.com\/esteticaydiseno\/\"},{\"@type\":\"ListItem\",\"position\":2,\"name\":\"Nosotros\"}]},{\"@type\":\"WebSite\",\"@id\":\"https:\/\/educativa21.com\/esteticaydiseno\/#website\",\"url\":\"https:\/\/educativa21.com\/esteticaydiseno\/\",\"name\":\"Est\u00e8tica & Dise\u00f1o\",\"description\":\"Capacitaciones Online y Presenciales\",\"publisher\":{\"@id\":\"https:\/\/educativa21.com\/esteticaydiseno\/#organization\"},\"potentialAction\":[{\"@type\":\"SearchAction\",\"target\":{\"@type\":\"EntryPoint\",\"urlTemplate\":\"https:\/\/educativa21.com\/esteticaydiseno\/?s={search_term_string}\"},\"query-input\":{\"@type\":\"PropertyValueSpecification\",\"valueRequired\":true,\"valueName\":\"search_term_string\"}}],\"inLanguage\":\"es\"},{\"@type\":\"Organization\",\"@id\":\"https:\/\/educativa21.com\/esteticaydiseno\/#organization\",\"name\":\"Est\u00e9tica y Dise\u00f1o\",\"url\":\"https:\/\/educativa21.com\/esteticaydiseno\/\",\"logo\":{\"@type\":\"ImageObject\",\"inLanguage\":\"es\",\"@id\":\"https:\/\/educativa21.com\/esteticaydiseno\/#\/schema\/logo\/image\/\",\"url\":\"https:\/\/educativa21.com\/wp-content\/uploads\/2024\/10\/ef.png\",\"contentUrl\":\"https:\/\/educativa21.com\/wp-content\/uploads\/2024\/10\/ef.png\",\"width\":1149,\"height\":1080,\"caption\":\"Est\u00e9tica y Dise\u00f1o\"},\"image\":{\"@id\":\"https:\/\/educativa21.com\/esteticaydiseno\/#\/schema\/logo\/image\/\"},\"sameAs\":[\"https:\/\/www.facebook.com\/EsteticayDiseno\/\",\"https:\/\/www.instagram.com\/estetica.diseno\/?hl=es\"]}]}<\/script>\n<!-- \/ Yoast SEO plugin. -->","yoast_head_json":{"title":"Nosotros | estetica y dise\u00f1o","description":"Toda la info sobre Nosotros","robots":{"index":"index","follow":"follow","max-snippet":"max-snippet:-1","max-image-preview":"max-image-preview:large","max-video-preview":"max-video-preview:-1"},"canonical":"https:\/\/educativa21.com\/esteticaydiseno\/nosotros\/","og_locale":"es_ES","og_type":"article","og_title":"Nosotros | estetica y dise\u00f1o","og_description":"Toda la info sobre Nosotros","og_url":"https:\/\/educativa21.com\/esteticaydiseno\/nosotros\/","og_site_name":"Est\u00e8tica &amp; Dise\u00f1o","article_publisher":"https:\/\/www.facebook.com\/EsteticayDiseno\/","article_modified_time":"2023-11-14T18:11:11+00:00","og_image":[{"width":1149,"height":1080,"url":"https:\/\/educativa21.com\/wp-content\/uploads\/2024\/10\/ef.png","type":"image\/png"}],"twitter_card":"summary_large_image","twitter_misc":{"Tiempo de lectura":"1 minuto"},"schema":{"@context":"https:\/\/schema.org","@graph":[{"@type":"WebPage","@id":"https:\/\/educativa21.com\/esteticaydiseno\/nosotros\/","url":"https:\/\/educativa21.com\/esteticaydiseno\/nosotros\/","name":"Nosotros | estetica y dise\u00f1o","isPartOf":{"@id":"https:\/\/educativa21.com\/esteticaydiseno\/#website"},"datePublished":"2020-04-13T11:18:52+00:00","dateModified":"2023-11-14T18:11:11+00:00","description":"Toda la info sobre Nosotros","breadcrumb":{"@id":"https:\/\/educativa21.com\/esteticaydiseno\/nosotros\/#breadcrumb"},"inLanguage":"es","potentialAction":[{"@type":"ReadAction","target":["https:\/\/educativa21.com\/esteticaydiseno\/nosotros\/"]}]},{"@type":"BreadcrumbList","@id":"https:\/\/educativa21.com\/esteticaydiseno\/nosotros\/#breadcrumb","itemListElement":[{"@type":"ListItem","position":1,"name":"Portada","item":"https:\/\/educativa21.com\/esteticaydiseno\/"},{"@type":"ListItem","position":2,"name":"Nosotros"}]},{"@type":"WebSite","@id":"https:\/\/educativa21.com\/esteticaydiseno\/#website","url":"https:\/\/educativa21.com\/esteticaydiseno\/","name":"Est\u00e8tica & Dise\u00f1o","description":"Capacitaciones Online y Presenciales","publisher":{"@id":"https:\/\/educativa21.com\/esteticaydiseno\/#organization"},"potentialAction":[{"@type":"SearchAction","target":{"@type":"EntryPoint","urlTemplate":"https:\/\/educativa21.com\/esteticaydiseno\/?s={search_term_string}"},"query-input":{"@type":"PropertyValueSpecification","valueRequired":true,"valueName":"search_term_string"}}],"inLanguage":"es"},{"@type":"Organization","@id":"https:\/\/educativa21.com\/esteticaydiseno\/#organization","name":"Est\u00e9tica y Dise\u00f1o","url":"https:\/\/educativa21.com\/esteticaydiseno\/","logo":{"@type":"ImageObject","inLanguage":"es","@id":"https:\/\/educativa21.com\/esteticaydiseno\/#\/schema\/logo\/image\/","url":"https:\/\/educativa21.com\/wp-content\/uploads\/2024\/10\/ef.png","contentUrl":"https:\/\/educativa21.com\/wp-content\/uploads\/2024\/10\/ef.png","width":1149,"height":1080,"caption":"Est\u00e9tica y Dise\u00f1o"},"image":{"@id":"https:\/\/educativa21.com\/esteticaydiseno\/#\/schema\/logo\/image\/"},"sameAs":["https:\/\/www.facebook.com\/EsteticayDiseno\/","https:\/\/www.instagram.com\/estetica.diseno\/?hl=es"]}]}},"_links":{"self":[{"href":"https:\/\/educativa21.com\/esteticaydiseno\/wp-json\/wp\/v2\/pages\/214"}],"collection":[{"href":"https:\/\/educativa21.com\/esteticaydiseno\/wp-json\/wp\/v2\/pages"}],"about":[{"href":"https:\/\/educativa21.com\/esteticaydiseno\/wp-json\/wp\/v2\/types\/page"}],"author":[{"embeddable":true,"href":"https:\/\/educativa21.com\/esteticaydiseno\/wp-json\/wp\/v2\/users\/1"}],"replies":[{"embeddable":true,"href":"https:\/\/educativa21.com\/esteticaydiseno\/wp-json\/wp\/v2\/comments?post=214"}],"version-history":[{"count":14,"href":"https:\/\/educativa21.com\/esteticaydiseno\/wp-json\/wp\/v2\/pages\/214\/revisions"}],"predecessor-version":[{"id":3072,"href":"https:\/\/educativa21.com\/esteticaydiseno\/wp-json\/wp\/v2\/pages\/214\/revisions\/3072"}],"wp:attachment":[{"href":"https:\/\/educativa21.com\/esteticaydiseno\/wp-json\/wp\/v2\/media?parent=214"}],"curies":[{"name":"wp","href":"https:\/\/api.w.org\/{rel}","templated":true}]}}